{"id":12,"date":"2022-05-25T16:58:21","date_gmt":"2022-05-25T14:58:21","guid":{"rendered":"http:\/\/www.laneocastelane.ch\/?page_id=12"},"modified":"2022-05-29T10:39:31","modified_gmt":"2022-05-29T08:39:31","slug":"principes","status":"publish","type":"page","link":"https:\/\/www.laneocastelane.ch\/index.php\/principes\/","title":{"rendered":"Principes"},"content":{"rendered":"\n<p class=\"has-medium-font-size\"><strong>I. Application g\u00e9n\u00e9raliste<\/strong><\/p>\n\n\n\n<p class=\"has-medium-font-size\"><strong>La Neocastelane<\/strong>&nbsp;s\u2019attache \u00e0 mettre en valeur les divers aspects soci\u00e9taux, culturels, associatifs et patrimoniaux de la r\u00e9gion. Toutes ces facettes se compl\u00e8tent et alimentent ensemble l\u2019int\u00e9r\u00eat des contenus de l\u2019application mobile.<\/p>\n\n\n\n<p class=\"has-medium-font-size\"><strong>II. P\u00e9rennit\u00e9<\/strong><\/p>\n\n\n\n<p class=\"has-medium-font-size\">Nous souhaitons inscrire<strong> La Neocastelane<\/strong>&nbsp;dans le quotidien de la cit\u00e9. C\u2019est en assurant une continuit\u00e9 \u00e9ditoriale que l\u2019application prendra pleinement sa place au service des habitants et des usagers de notre espace urbain.<\/p>\n\n\n<div class=\"wp-block-image\">\n<figure class=\"alignleft\"><img decoding=\"async\" src=\"https:\/\/appliculteur.files.wordpress.com\/2018\/03\/noun_336752_cc.png?w=229&amp;h=191\" alt=\"noun_336752_cc\" class=\"wp-image-195\"\/><\/figure>\n<\/div>\n\n\n<p class=\"has-medium-font-size\"><strong>III. Hyperlocalit\u00e9<\/strong><\/p>\n\n\n\n<p class=\"has-medium-font-size\">La dimension de r\u00e9f\u00e9rence est la ville et sa r\u00e9gion. L\u2019ancrage local nous est essentiel pour la r\u00e9alisation d\u2019un outil, miroir de la vitalit\u00e9 d\u2019une collectivit\u00e9.<\/p>\n\n\n\n<p class=\"has-medium-font-size\"><strong>IV. Production participative<\/strong><\/p>\n\n\n\n<p class=\"has-medium-font-size\"><strong>La Neocastelane<\/strong>&nbsp;est un outil au service de tous les acteurs locaux. Nous nous attachons \u00e0 g\u00e9n\u00e9rer et \u00e0 accompagner les processus de coproduction de contenu. Nous nous r\u00e9jouissons de toutes nos actuelles et nos futures collaborations avec les \u00e9coles, les associations, la Soci\u00e9t\u00e9 d\u2019histoire, etc\u2026\u2026<\/p>\n","protected":false},"excerpt":{"rendered":"<p>I. Application g\u00e9n\u00e9raliste La Neocastelane&nbsp;s\u2019attache \u00e0 mettre en valeur les divers aspects soci\u00e9taux, culturels, associatifs et patrimoniaux de la r\u00e9gion. Toutes ces facettes se compl\u00e8tent et alimentent ensemble l\u2019int\u00e9r\u00eat des contenus de l\u2019application mobile. II. P\u00e9rennit\u00e9 Nous souhaitons inscrire La Neocastelane&nbsp;dans le quotidien de la&nbsp;<a class=\"read-more\" href=\"https:\/\/www.laneocastelane.ch\/index.php\/principes\/\">&hellip;<\/a><\/p>\n","protected":false},"author":1,"featured_media":0,"parent":0,"menu_order":0,"comment_status":"closed","ping_status":"closed","template":"","meta":{"footnotes":""},"class_list":["post-12","page","type-page","status-publish","hentry"],"_links":{"self":[{"href":"https:\/\/www.laneocastelane.ch\/index.php\/wp-json\/wp\/v2\/pages\/12","targetHints":{"allow":["GET"]}}],"collection":[{"href":"https:\/\/www.laneocastelane.ch\/index.php\/wp-json\/wp\/v2\/pages"}],"about":[{"href":"https:\/\/www.laneocastelane.ch\/index.php\/wp-json\/wp\/v2\/types\/page"}],"author":[{"embeddable":true,"href":"https:\/\/www.laneocastelane.ch\/index.php\/wp-json\/wp\/v2\/users\/1"}],"replies":[{"embeddable":true,"href":"https:\/\/www.laneocastelane.ch\/index.php\/wp-json\/wp\/v2\/comments?post=12"}],"version-history":[{"count":2,"href":"https:\/\/www.laneocastelane.ch\/index.php\/wp-json\/wp\/v2\/pages\/12\/revisions"}],"predecessor-version":[{"id":144,"href":"https:\/\/www.laneocastelane.ch\/index.php\/wp-json\/wp\/v2\/pages\/12\/revisions\/144"}],"wp:attachment":[{"href":"https:\/\/www.laneocastelane.ch\/index.php\/wp-json\/wp\/v2\/media?parent=12"}],"curies":[{"name":"wp","href":"https:\/\/api.w.org\/{rel}","templated":true}]}}